{"version":"1.0","provider_name":"szikr\u00e1k","provider_url":"https:\/\/mgj52.cafeblog.hu","author_name":"mgj","author_url":"https:\/\/mgj52.cafeblog.hu\/author\/mgj\/","title":"Nevesincs fa","html":"<strong><\/strong>\r\n\r\nA h\u00e1zam sark\u00e1n\u00e1l n\u0151 egy fa.\r\n\r\nSenki nem tudja megmondani a nev\u00e9t. Nem gy\u00fcm\u00f6lcsfa, nem valami nemesebb, nem ak\u00e1c, nem ecetfa, nem tudom milyen fa, csak \u00fagy nevezem, hogy \u201eszem\u00e9tfa\u201d.\r\n\r\nValahonnan a magj\u00e1t odaf\u00fajta a sz\u00e9l. Borzaszt\u00f3 gyorsan fejl\u0151dik.\r\n\r\nA szomsz\u00e9dom sz\u00f3lt m\u00e1rcius t\u00e1j\u00e1n, hogy ott a fa, enged\u00e9lyt k\u00e9rt, hogy kiv\u00e1ghassa. \u00d6r\u00f6mmel r\u00e1\u00e1lltam \u2013 \u00e9n \u00fagy sem tudom megtenni, kev\u00e9s hozz\u00e1 az er\u0151m.\r\n\r\nNy\u00e1ron j\u00e1rt n\u00e1lam egy kollegan\u0151m a f\u00e9rj\u00e9vel, a f\u00e9rje sz\u00f3lt, hogy azt a f\u00e1t ki kellene onnan v\u00e1gni, mert leford\u00edtja a h\u00e1zat az alapj\u00e1r\u00f3l, egyszuszra f\u00f6laj\u00e1nlotta, ha van f\u0171r\u00e9szem, \u0151 sz\u00edvesen kiv\u00e1gja. Nos, nincs l\u00e1ncf\u0171r\u00e9szem.\r\n\r\n&nbsp;\r\n\r\nSz\u00f3ltam annak a f\u00e9rfnak, aki a f\u00fcvet v\u00e1gja le a kertemben \u2013 \u00f3, ne h\u00edvjon senkit, majd mi kiv\u00e1gjuk a fiammal. Legal\u00e1bb k\u00e9tszer megn\u00e9zte, mire sz\u00f3lt, hogy ezt bizony nem tudja kiv\u00e1gni. Mire id\u00e1ig el\u00e9rt\u00fcnk, m\u00e1r szeptember volt.\r\n\r\n&nbsp;\r\n\r\nNy\u00e1ron h\u00e1tramentem, \u00e9n is megn\u00e9ztem, olyan volt a t\u00f6rzse, mint a kis fiatal almaf\u00e1nak, p\u00e1r centis \u00e1tm\u00e9r\u0151je volt.\u00a0 Mikor az utols\u00f3 jelentkez\u0151m a fi\u00e1val m\u00e1r nem tudta kiv\u00e1gni, t\u00f6bb mint 20 cm-es \u00e1tm\u00e9r\u0151vel incselkedett \u00e9s piszk\u00e1lta a tet\u0151t.\r\n\r\n&nbsp;\r\n\r\nMost okt\u00f3berben sz\u00f3ltam egy nagyon megb\u00edzhat\u00f3 falubelinek, elmondta, hogy nincs semmi baj, egy h\u00f3nap m\u00falva lehet r\u00f3la sz\u00f3, amikor lehullott az \u00f6sszes levele.\r\n\r\nElm\u00falt az egy h\u00f3nap, lehullott a lev\u00e9l, megint telefon\u00e1ltam a megb\u00edzhat\u00f3 ismer\u0151s\u00f6mnek, sajnos nincs ideje mostan\u00e1ban. Majd esetleg \u00fajabb egy h\u00f3nap m\u00falva.\r\n\r\n&nbsp;\r\n\r\nA fa csak \u00e1ll ott, er\u0151s\u00f6dik, n\u0151. Piszk\u00e1lja a tet\u0151t, a gy\u00f6kere b\u00e1ntja az alapot.\r\n\r\nEgyel\u0151re kifog rajtam, \u0151 \u00e1ll nyer\u00e9sre.\r\n\r\n&nbsp;","type":"rich"}