{"version":"1.0","provider_name":"szikr\u00e1k","provider_url":"https:\/\/mgj52.cafeblog.hu","author_name":"mgj","author_url":"https:\/\/mgj52.cafeblog.hu\/author\/mgj\/","title":"Kell nekem honlap?","html":"Igen, kell.\r\n\r\nHa m\u00e1r egyszer a fejembe vettem, akkor meg is csin\u00e1lom, ha t\u00f6rik, ha szakad.\r\n\r\nNem olyan f\u00e1b\u00f3l faragtak, hogy csak \u00fagy megfutamodjak valami el\u0151l.\r\n\r\n&nbsp;\r\n\r\n&nbsp;\r\n\r\nMindegy, azt \u00edrja ki a c\u00e9g, \u201eakin\u00e9l\u201d \u00e9p\u00edtem, hogy 25 %-ban van k\u00e9sz! Te j\u00f3 \u00e9g, ennyi id\u0151 alatt 25%-ot hoztam \u00f6ssze? De most valami hiba folyt\u00e1n duplik\u00e1l\u00f3dott, ez\u00e9rt nem lehet elind\u00edtani. F\u00f6nn van egyszer egy \u201episzkozat\u201d, egyszer egy igazi. Azonos URL-en. (na milyen fejl\u0151d\u0151k\u00e9pes vagyok?) Rem\u00e9lem, hogy ennek a megold\u00e1sa nem az eny\u00e9m lesz.\r\n\r\n&nbsp;\r\n\r\nAlaposan elt\u0171ntem, k\u00f6sz\u00f6n\u00f6m hogy olvast\u00e1k az \u00edr\u00e1saimat, nem felejtkeztek el r\u00f3lam. Tal\u00e1n most m\u00e1r jobban lesz id\u0151m ide is \u00edrni. A katedraketoldalan.hu is tartalmaz egy blog-\u00edr\u00e1si lehet\u0151s\u00e9get, na persze, f\u00f6ltettem a nyit\u00f3lapot, a bemutatkoz\u00e1st, meg keretet \u00edrtam a Melyik korban \u00e9ln\u00e9k c. sorozathoz. Dolgoztam a \u201eszakm\u00e1b\u00f3l\u201d, hiszen ez\u00e9rt csin\u00e1lom a katedraketoldalan.hu-t. Szeretn\u00e9m, ha igaz\u00e1n \u00fct\u0151s, \u00e9lvezhet\u0151 lenne az a honlap.\r\n\r\nNagyon rem\u00e9lem, hogy \u00d6n\u00f6k oda is elj\u00f6nnek ut\u00e1nam. Nagyon szeretn\u00e9m, k\u00e9rem. Ott tal\u00e1n lesz majd \u00d6n\u00f6knek is hangjuk, ha hajland\u00f3k nekem v\u00e1laszolni a feltett k\u00e9rd\u00e9seimre.\r\n\r\n&nbsp;\r\n\r\nA h\u00e1tam m\u00f6g\u00f6tt megy a telev\u00edzi\u00f3, h\u00e1tha elcs\u00edpek egy j\u00f3 kis h\u00edrt, amint megint morgol\u00f3dhatok.\r\n\r\n&nbsp;\r\n\r\nPersze, a telev\u00edzi\u00f3 h\u00edrad\u00f3ja n\u00e9lk\u00fcl is van: most vezett\u00e9k be az internet ad\u00f3t, amikor \u00e9n meg a neten akarok dolgozni\u2026. Azaz m\u00e9g csak tervezet, m\u00e9g a Parlament el\u00e9 kell vinni. De ha egyszer m\u00e1r kital\u00e1lt\u00e1k, akkor nek\u00fcnk annyi, meg fogj\u00e1k szavazni\u2026..\r\n\r\nAz a sz\u00e1m\u00edt\u00f3g\u00e9p, billenty\u0171zet-dob\u00e1l\u00e1s\u00a0 az\u00e9rt gusztustalan, nem odaill\u0151 megmozdul\u00e1s volt.\r\n\r\n&nbsp;\r\n\r\nArr\u00f3l m\u00e1r nem is besz\u00e9lve, hogy nem k\u00e9ne hagynunk, hogy a t\u00f6rt\u00e9nelem ilyen \u201eolcs\u00f3\u201d eszk\u00f6zzel hagyja mag\u00e1t ism\u00e9telni. Ugye eml\u00e9keznek a lyoni tak\u00e1csok megmozdul\u00e1s\u00e1ra? Akkor a g\u00e9peket vert\u00e9k sz\u00e9t f\u00f6lh\u00e1borodotts\u00e1gukban, ink\u00e1bb f\u00e9lelm\u00fckben a munk\u00e1sok. F\u00e9ltek, a g\u00e9pek \u00e1tveszik a szerep\u00fcket, \u00e9s ott maradnak munka n\u00e9lk\u00fcl.\r\n\r\nA g\u00e9pek maradtak, a munkan\u00e9lk\u00fclis\u00e9g bek\u00f6sz\u00f6nt\u00f6tt, a fejl\u0151d\u00e9st nem lehetett meg\u00e1ll\u00edtani\u2026\r\n\r\nNa, sz\u00e9p, a fejl\u0151d\u00e9ssel egy\u00fctt j\u00e1r a munkan\u00e9lk\u00fclis\u00e9g?\r\n\r\n&nbsp;\r\n\r\nTagadom, ezen kellene ink\u00e1bb gondolkoznia a politikusainknak hogyan lehetne ezt a kardin\u00e1lis k\u00e9rd\u00e9st megoldani. A fejl\u0151d\u00e9s az emberis\u00e9g jav\u00e1ra, annak \u00e9rdek\u00e9ben kellene, hogy t\u00f6rt\u00e9njen. Tal\u00e1n a sok \u00e9sz n\u00e9lk\u00fcli har\u00e1csol\u00e1sr\u00f3l kellene lemondaniuk a fels\u0151bb vezet\u0151knek, hogy a megtermelt javakb\u00f3l mindenki egyar\u00e1nt r\u00e9szes\u00fclhessen. Persze kellene m\u00e9g hozz\u00e1 a mindenhol \u00e9rv\u00e9nyes orvosi ell\u00e1t\u00e1s, a v\u00edzzel val\u00f3 racion\u00e1lis gazd\u00e1lkod\u00e1s (\u00e9s nem gar\u00e1zd\u00e1lkod\u00e1s!). A legf\u0151bb fogy\u00f3eszk\u00f6z\u00fcnk az emberi \u00e9let, a r\u00e1ci\u00f3, maga a F\u00f6ld. Egyed\u00fcl nek\u00fcnk van r\u00e1 m\u00f3dunk, hogy megval\u00f3s\u00edtsuk.","type":"rich"}